{"id":544,"date":"2025-04-11T20:04:48","date_gmt":"2025-04-11T23:04:48","guid":{"rendered":"https:\/\/eltaller.info\/?post_type=product&#038;p=544"},"modified":"2025-04-11T20:22:25","modified_gmt":"2025-04-11T23:22:25","slug":"el-peso-de-mis-pensamientos","status":"publish","type":"product","link":"https:\/\/eltaller.info\/?product=el-peso-de-mis-pensamientos","title":{"rendered":"El peso de mis pensamientos"},"content":{"rendered":"<p><strong><a href=\"https:\/\/www.instagram.com\/ale.feijo\">Ale Feij\u00f3<\/a><\/strong>. Artista Visual, Profesora Nacional de Bellas Artes y Dise\u00f1adora Gr\u00e1fica UBA.<\/p>\n<p>Su obra est\u00e1 basada en la corporeidad femenina como signo de la interioridad, es especialista en la ense\u00f1anza de Dibujo de Figura Humana. Forma parte de numerosas galer\u00edas internacionales destac\u00e1ndose Metamorphose Gallery de Marbella, Espa\u00f1a.<\/p>\n<p>Es curadora en la galer\u00eda virtual Quarentena, sitio web dedicado a la difusi\u00f3n de artistas internacionales.<\/p>\n<p>Ha recibido premios reconocimientos a su trayectoria. Sus obras se han expuesto en 17 pa\u00edses y forman parte de colecciones privadas\u00a0y\u00a0de\u00a0museos.<\/p>\n<p>&nbsp;<\/p>\n","protected":false},"excerpt":{"rendered":"<p>Ale Feij\u00f3. Artista Visual, Profesora Nacional de Bellas Artes y Dise\u00f1adora Gr\u00e1fica UBA. Su obra est\u00e1 basada en la corporeidad femenina como signo de la interioridad, es especialista en la ense\u00f1anza de Dibujo de Figura Humana. Forma parte de numerosas galer\u00edas internacionales destac\u00e1ndose Metamorphose Gallery de Marbella, Espa\u00f1a. Es curadora en la galer\u00eda virtual Quarentena, [&hellip;]<\/p>\n","protected":false},"featured_media":545,"comment_status":"open","ping_status":"closed","template":"","meta":[],"product_brand":[],"product_cat":[23],"product_tag":[],"class_list":{"0":"post-544","1":"product","2":"type-product","3":"status-publish","4":"has-post-thumbnail","6":"product_cat-arte","8":"first","9":"instock","10":"featured","11":"taxable","12":"shipping-taxable","13":"product-type-simple"},"_links":{"self":[{"href":"https:\/\/eltaller.info\/index.php?rest_route=\/wp\/v2\/product\/544","targetHints":{"allow":["GET"]}}],"collection":[{"href":"https:\/\/eltaller.info\/index.php?rest_route=\/wp\/v2\/product"}],"about":[{"href":"https:\/\/eltaller.info\/index.php?rest_route=\/wp\/v2\/types\/product"}],"replies":[{"embeddable":true,"href":"https:\/\/eltaller.info\/index.php?rest_route=%2Fwp%2Fv2%2Fcomments&post=544"}],"wp:featuredmedia":[{"embeddable":true,"href":"https:\/\/eltaller.info\/index.php?rest_route=\/wp\/v2\/media\/545"}],"wp:attachment":[{"href":"https:\/\/eltaller.info\/index.php?rest_route=%2Fwp%2Fv2%2Fmedia&parent=544"}],"wp:term":[{"taxonomy":"product_brand","embeddable":true,"href":"https:\/\/eltaller.info\/index.php?rest_route=%2Fwp%2Fv2%2Fproduct_brand&post=544"},{"taxonomy":"product_cat","embeddable":true,"href":"https:\/\/eltaller.info\/index.php?rest_route=%2Fwp%2Fv2%2Fproduct_cat&post=544"},{"taxonomy":"product_tag","embeddable":true,"href":"https:\/\/eltaller.info\/index.php?rest_route=%2Fwp%2Fv2%2Fproduct_tag&post=544"}],"curies":[{"name":"wp","href":"https:\/\/api.w.org\/{rel}","templated":true}]}}